{"id":4536,"date":"2022-06-29T07:23:43","date_gmt":"2022-06-29T07:23:43","guid":{"rendered":"https:\/\/ladyvirginiaibiza.com\/politica-de-privacidad\/"},"modified":"2022-07-04T08:47:48","modified_gmt":"2022-07-04T08:47:48","slug":"informativa-sulla-privacy","status":"publish","type":"page","link":"https:\/\/ladyvirginiaibiza.com\/it\/informativa-sulla-privacy\/","title":{"rendered":"Informativa sulla privacy"},"content":{"rendered":"\t\t<div data-elementor-type=\"wp-page\" data-elementor-id=\"4536\" class=\"elementor elementor-4536 elementor-4357\" data-elementor-post-type=\"page\">\n\t\t\t\t\t\t<section class=\"elementor-section elementor-top-section elementor-element elementor-element-2ee294a elementor-section-content-middle elementor-section-boxed elementor-section-height-default elementor-section-height-default\" data-id=\"2ee294a\" data-element_type=\"section\" data-e-type=\"section\" data-settings=\"{&quot;background_background&quot;:&quot;classic&quot;}\">\n\t\t\t\t\t\t\t<div class=\"elementor-background-overlay\"><\/div>\n\t\t\t\t\t\t\t<div class=\"elementor-container elementor-column-gap-no\">\n\t\t\t\t\t<div class=\"elementor-column elementor-col-100 elementor-top-column elementor-element elementor-element-0bff1d4\" data-id=\"0bff1d4\" data-element_type=\"column\" data-e-type=\"column\">\n\t\t\t<div class=\"elementor-widget-wrap elementor-element-populated\">\n\t\t\t\t\t\t<div class=\"elementor-element elementor-element-e65a3b8 elementor-widget elementor-widget-heading\" data-id=\"e65a3b8\" data-element_type=\"widget\" data-e-type=\"widget\" data-widget_type=\"heading.default\">\n\t\t\t\t<div class=\"elementor-widget-container\">\n\t\t\t\t\t<h1 class=\"elementor-heading-title elementor-size-default\">INFORMATIVA SULLA PRIVACY<\/h1>\t\t\t\t<\/div>\n\t\t\t\t<\/div>\n\t\t\t\t\t<\/div>\n\t\t<\/div>\n\t\t\t\t\t<\/div>\n\t\t<\/section>\n\t\t\t\t<section class=\"elementor-section elementor-top-section elementor-element elementor-element-5821e38 elementor-section-content-middle elementor-section-boxed elementor-section-height-default elementor-section-height-default\" data-id=\"5821e38\" data-element_type=\"section\" data-e-type=\"section\">\n\t\t\t\t\t\t<div class=\"elementor-container elementor-column-gap-no\">\n\t\t\t\t\t<div class=\"elementor-column elementor-col-100 elementor-top-column elementor-element elementor-element-2c083c1\" data-id=\"2c083c1\" data-element_type=\"column\" data-e-type=\"column\">\n\t\t\t<div class=\"elementor-widget-wrap elementor-element-populated\">\n\t\t\t\t\t\t<div class=\"elementor-element elementor-element-4d1e187 elementor-widget elementor-widget-text-editor\" data-id=\"4d1e187\" data-element_type=\"widget\" data-e-type=\"widget\" data-widget_type=\"text-editor.default\">\n\t\t\t\t<div class=\"elementor-widget-container\">\n\t\t\t\t\t\t\t\t\t<ol><li><strong>INFORMAZIONI SULL&#8217;UTENTE<\/strong><\/li><\/ol><p><strong>Chi \u00e8 responsabile del trattamento dei vostri dati personali?<\/strong><\/p><p><strong>ALTAIR NAUTICA SL<\/strong> \u00e8 RESPONSABILE del trattamento dei dati personali dell&#8217;UTENTE e informa che tali dati saranno trattati in conformit\u00e0 alle disposizioni del Regolamento (UE) 2016\/679, del 27 aprile (GDPR), e della Legge Organica 3\/2018, del 5 dicembre (LOPDGDD).<\/p><p><strong>Per cosa trattiamo i vostri dati personali e perch\u00e9 lo facciamo?<\/strong><\/p><p>A seconda della forma in cui abbiamo ottenuto i vostri dati personali, li tratteremo in modo confidenziale per raggiungere i seguenti scopi:<\/p><p>Nel modulo <strong>Contatto<\/strong><\/p><ul><li>Rispondere a quesiti o a qualsiasi tipo di richiesta formulata dall&#8217;utente attraverso uno dei moduli di contatto messi a disposizione sul sito web del titolare del trattamento.<br \/>(per il legittimo interesse del titolare del trattamento, art. 6.1.f GDPR)<\/li><li>Effettuare analisi statistiche e ricerche di mercato.<br \/>(per il legittimo interesse del responsabile del trattamento, art. 6.1.f GDPR)<\/li><\/ul><p>Sul modulo <strong>Prenotazioni<\/strong><\/p><ul><li>Per effettuare prenotazioni presso lo stabilimento del responsabile del trattamento.<br \/>(per l&#8217;esecuzione di un contratto o di un precontratto, 6.1.b GDPR)<\/li><li>Inviare comunicazioni commerciali pubblicitarie via e-mail, fax, SMS, MMS, social network o qualsiasi altro mezzo elettronico o fisico, presente o futuro, ai clienti, che permetta di inviare comunicazioni commerciali relative a prodotti o servizi simili a quelli inizialmente contrattati con il cliente (art. 21.2 LSSI).<br \/>(per il legittimo interesse del titolare del trattamento, art. 6.1.f GDPR).<\/li><\/ul><p><strong>Per quanto tempo conserveremo i vostri dati personali?<\/strong><\/p><p>Saranno conservati per un periodo di tempo non superiore a quello necessario per il mantenimento delle finalit\u00e0 del trattamento o in presenza di prescrizioni legali che ne impongano la conservazione e, quando non saranno pi\u00f9 necessari per tali finalit\u00e0, saranno cancellati con misure di sicurezza adeguate a garantire l&#8217;anonimizzazione dei dati o la loro totale distruzione.<\/p><p><strong>A chi comunichiamo i vostri dati personali?<\/strong><\/p><p>Non \u00e8 prevista la comunicazione dei dati personali a terzi ad eccezione, se necessario per lo sviluppo e l&#8217;esecuzione delle finalit\u00e0 del trattamento, dei nostri fornitori di servizi relativi alle comunicazioni, con i quali il RESPONSABILE ha sottoscritto i contratti di riservatezza e di trattamento dei dati richiesti dalla normativa vigente in materia di privacy.<\/p><p><strong>Quali sono i vostri diritti?<\/strong><\/p><p><strong>I diritti dell&#8217;UTENTE sono: <\/strong>possono essere esercitati solo in relazione alle informazioni che sono sotto il controllo del RESPONSABILE.<\/p><ul><li>Il diritto di ritirare il consenso in qualsiasi momento.<\/li><li>Diritto di accesso, rettifica, portabilit\u00e0 e cancellazione dei propri dati, nonch\u00e9 di limitare o opporsi al loro trattamento.<\/li><li>Il diritto di proporre reclamo all&#8217;autorit\u00e0 di controllo (www.aepd.es) qualora ritenga che il trattamento non sia conforme alla normativa vigente.<\/li><\/ul><p><strong>Informazioni di contatto per l&#8217;esercizio dei diritti:<\/strong><\/p><p>ALTAIR NAUTICA SL. Calle Sant Jaime, N\u00ba39 4-1, &#8211; 07840 Santa Eulalia Del Rio (Illes Balears). E-mail: info@ibizajetskibeach.com<\/p><p><strong>2. UTILIZZO DEL PROFILO<\/strong><\/p><p>La PERSONA RESPONSABILE deve eseguire le seguenti azioni:<\/p><p>Accesso alle informazioni pubbliche del profilo<br \/>Pubblicazione sul profilo dell&#8217;UTENTE di tutte le informazioni gi\u00e0 pubblicate sul social network del TITOLARE DI RESPONSABILITA&#8217;.<br \/>Invio di messaggi personali e individuali attraverso i canali dei social network.<br \/>Aggiornamenti sullo stato della pagina da pubblicare sul profilo dell&#8217;UTENTE.<\/p><p>L&#8217;UTENTE pu\u00f2 sempre controllare le proprie connessioni, cancellare i contenuti che non gli interessano pi\u00f9 e limitare le persone con cui condividere le proprie connessioni accedendo alle proprie impostazioni sulla privacy.<\/p><p><strong>3. PUBBLICAZIONI<\/strong><\/p><p>L&#8217;UTENTE, una volta diventato follower o iscritto al social network del RESPONSABILE, potr\u00e0 pubblicare commenti, link, immagini, fotografie o qualsiasi altro tipo di contenuto multimediale supportato dallo stesso. L&#8217;UTENTE, in ogni caso, deve essere il proprietario dei contenuti pubblicati, detenere i diritti d&#8217;autore e di propriet\u00e0 intellettuale o avere il consenso dei terzi interessati.<\/p><p>\u00c8 espressamente vietata la pubblicazione sul social network di testi, grafici, fotografie, video, ecc. che violino o possano violare la morale, l&#8217;etica, il buon gusto o il decoro, e\/o che infrangano, violino o violino i diritti di propriet\u00e0 intellettuale o industriale, il diritto all&#8217;immagine o la legge.<\/p><p>In questi casi, il RESPONSABILE si riserva il diritto di rimuovere immediatamente il contenuto, senza preavviso, e pu\u00f2 richiedere il blocco permanente dell&#8217;UTENTE.<\/p><p>Il TITOLARE non sar\u00e0 ritenuto responsabile dei contenuti liberamente pubblicati da un UTENTE.<\/p><p>L&#8217;UTENTE deve tenere presente che le sue pubblicazioni saranno conosciute da altri utenti, per cui \u00e8 il principale responsabile della sua privacy.<\/p><p>Le immagini eventualmente pubblicate sul social network non saranno archiviate in alcun file dal RESPONSABILE, ma rimarranno sul social network.<\/p><p><strong>4. DATI DI MINORI O DI PERSONE CON PARTICOLARI ABILIT\u00c0<\/strong><\/p><p>L&#8217;accesso e la registrazione attraverso i social network di RESPONSABILIT\u00c0 sono vietati ai minori di 18 anni. Se l&#8217;UTENTE ha capacit\u00e0 particolari, sar\u00e0 necessario l&#8217;intervento del titolare della patria potest\u00e0 o della tutela, o del suo rappresentante legale mediante un documento valido che ne attesti la rappresentanza.<\/p><p>Il RESPONSABILE sar\u00e0 espressamente esonerato da qualsiasi responsabilit\u00e0 che possa derivare dall&#8217;utilizzo dei social network da parte di minori o persone con particolari abilit\u00e0. I social network di RESPONSABILIT\u00c0 non raccolgono consapevolmente informazioni personali di minori, pertanto, se l&#8217;UTENTE \u00e8 minorenne, non deve registrarsi o utilizzare i social network di RESPONSABILIT\u00c0, n\u00e9 fornire informazioni personali.<\/p>\t\t\t\t\t\t\t\t<\/div>\n\t\t\t\t<\/div>\n\t\t\t\t<div class=\"elementor-element elementor-element-f31eb0c elementor-widget elementor-widget-text-editor\" data-id=\"f31eb0c\" data-element_type=\"widget\" data-e-type=\"widget\" data-widget_type=\"text-editor.default\">\n\t\t\t\t<div class=\"elementor-widget-container\">\n\t\t\t\t\t\t\t\t\t<p><strong>INFORMATIVA SULLA PRIVACY SOCIAL NETWORK<\/strong><\/p><ol><li><strong>INFORMAZIONI SULL&#8217;UTENTE<\/strong><\/li><\/ol><p><strong>Chi \u00e8 responsabile del trattamento dei vostri dati personali?<\/strong><\/p><p>ALTAIR NAUTICA SL, di seguito, RESPONSABILE, informa l&#8217;UTENTE che ha proceduto alla creazione di un profilo sui Social Network Facebook, Instagram, Twitter, LinkedIn, Youtube, Vimeo e Google+, di essere responsabile del trattamento dei dati personali dell&#8217;UTENTE effettuato su detti social network e informa l&#8217;UTENTE che tali dati saranno trattati in conformit\u00e0 alle disposizioni del Regolamento (UE) 2016\/679, del 27 aprile (GDPR), e della Legge Organica 3\/2018, del 5 dicembre (LOPDGDD), per cui si forniscono all&#8217;UTENTE le seguenti informazioni sul trattamento:<\/p><p><strong>Per quale motivo trattiamo i vostri dati personali?<\/strong><\/p><p><strong>Finalit\u00e0 del trattamento:<\/strong> mantenere un rapporto tra l&#8217;UTENTE e il RESPONSABILE che pu\u00f2 comprendere le seguenti operazioni:<\/p><ul><li>Elaborare le richieste e le domande rivolte al titolare del trattamento.<\/li><li>Per informare su attivit\u00e0 ed eventi organizzati dal titolare del trattamento<\/li><li>Per informare su prodotti o servizi offerti dal responsabile del trattamento<\/li><li>Interazione attraverso i profili ufficiali<\/li><\/ul><p><strong>Perch\u00e9 possiamo trattare i vostri dati personali?<\/strong><\/p><p><strong>Base giuridica del trattamento:<\/strong> Articolo 6.1.a GDPR, l&#8217;interessato ha acconsentito al trattamento dei propri dati personali per una o pi\u00f9 finalit\u00e0 specifiche. L&#8217;UTENTE ha un profilo sullo stesso social network e ha deciso di iscriversi al social network del RESPONSABILE mostrando interesse per le informazioni pubblicate su di esso, pertanto, al momento della richiesta di seguire i nostri profili ufficiali, ci d\u00e0 il suo consenso al trattamento di quei dati personali pubblicati sul suo profilo.<\/p><p>L&#8217;UTENTE pu\u00f2 accedere in qualsiasi momento alle politiche sulla privacy del social network stesso e configurare il proprio profilo per garantire la propria privacy.<\/p><p>Il RESPONSABILE ha accesso e tratta le informazioni pubbliche dell&#8217;UTENTE, in particolare il suo nome di contatto. Questi dati vengono utilizzati solo all&#8217;interno del social network stesso e saranno incorporati in un file del RESPONSABILE solo quando \u00e8 necessario per elaborare la richiesta dell&#8217;UTENTE.<\/p><p><strong>Per quanto tempo conserveremo i vostri dati personali?<\/strong><\/p><p>Criteri di conservazione dei dati: i dati saranno conservati per tutto il tempo in cui l&#8217;UTENTE non revocher\u00e0 il consenso prestato come indicato nella presente informativa sulla privacy.<\/p><p><strong>A chi forniamo i vostri dati personali?<\/strong><\/p><p>Comunicazione dei dati: le informazioni fornite dall&#8217;UTENTE attraverso i social network del RESPONSABILE, compresi i suoi dati personali, potranno essere pubblicate, sempre a seconda dei servizi che l&#8217;UTENTE utilizza, in modo da essere pubblicamente disponibili ad altri utenti terzi dei social network. Dal profilo di ciascun social network, l&#8217;UTENTE pu\u00f2 configurare le informazioni che desidera rendere pubbliche in ogni caso, visualizzare le autorizzazioni concesse, cancellarle o disattivarle, come ad esempio le applicazioni di terze parti che non desidera pi\u00f9 utilizzare.<\/p><p>Non \u00e8 prevista la comunicazione dei dati personali a terzi al di fuori del social network ad eccezione, se indispensabile per lo sviluppo e l&#8217;esecuzione delle finalit\u00e0 del trattamento, dei nostri fornitori di servizi relativi alle comunicazioni, con i quali il RESPONSABILE ha sottoscritto contratti di riservatezza e di responsabile del trattamento previsti dalla vigente normativa sulla privacy.<\/p><p><strong>Quali sono i vostri diritti?<\/strong><\/p><p><strong>Diritti dell&#8217;UTENTE:<\/strong> possono essere esercitati solo in relazione alle informazioni che sono sotto il controllo del RESPONSABILE.<\/p><ul><li>Diritto di ritirare il consenso in qualsiasi momento.<\/li><li>Diritto di accesso, rettifica, portabilit\u00e0 e cancellazione dei propri dati, nonch\u00e9 di limitare o opporsi al loro trattamento.<\/li><li>Il diritto di proporre reclamo all&#8217;autorit\u00e0 di controllo (www.aepd.es) qualora ritenga che il trattamento non sia conforme alla normativa vigente.<\/li><\/ul><p><strong>Informazioni di contatto per l&#8217;esercizio dei diritti:<\/strong><\/p><p>ALTAIR NAUTICA SL. Calle Sant Jaime, N\u00ba39 4-1, &#8211; 07840 Santa Eulalia Del Rio (Illes Balears). E-mail: info@ibizajetskibeach.com<\/p><p><strong>2. UTILIZZO DEL PROFILO<\/strong><\/p><p>La PERSONA RESPONSABILE deve eseguire le seguenti azioni:<\/p><ul><li>Accesso alle informazioni pubbliche del profilo<\/li><li>Pubblicazione sul profilo dell&#8217;UTENTE di tutte le informazioni gi\u00e0 pubblicate sul social network del TITOLARE DI RESPONSABILITA&#8217;.<\/li><li>Invio di messaggi personali e individuali attraverso i canali dei social network.<\/li><li>Aggiornamenti sullo stato della pagina da pubblicare sul profilo dell&#8217;UTENTE.<\/li><\/ul><p>L&#8217;UTENTE pu\u00f2 sempre controllare le proprie connessioni, cancellare i contenuti che non gli interessano pi\u00f9 e limitare le persone con cui condividere le proprie connessioni accedendo alle proprie impostazioni sulla privacy.<\/p><p><strong>3. PUBBLICAZIONI<\/strong><\/p><p>L&#8217;UTENTE, una volta diventato follower o iscritto al social network del RESPONSABILE, potr\u00e0 pubblicare commenti, link, immagini, fotografie o qualsiasi altro tipo di contenuto multimediale supportato dallo stesso. L&#8217;UTENTE, in ogni caso, deve essere il proprietario dei contenuti pubblicati, detenere i diritti d&#8217;autore e di propriet\u00e0 intellettuale o avere il consenso dei terzi interessati.<\/p><p>\u00c8 espressamente vietata la pubblicazione sul social network di testi, grafici, fotografie, video, ecc. che violino o possano violare la morale, l&#8217;etica, il buon gusto o il decoro, e\/o che infrangano, violino o violino i diritti di propriet\u00e0 intellettuale o industriale, il diritto all&#8217;immagine o la legge.<\/p><p>In questi casi, il RESPONSABILE si riserva il diritto di rimuovere immediatamente il contenuto, senza preavviso, e pu\u00f2 richiedere il blocco permanente dell&#8217;UTENTE.<\/p><p>Il TITOLARE non sar\u00e0 ritenuto responsabile dei contenuti liberamente pubblicati da un UTENTE.<\/p><p>L&#8217;UTENTE deve tenere presente che le sue pubblicazioni saranno conosciute da altri utenti, per cui \u00e8 il principale responsabile della sua privacy.<\/p><p>Le immagini eventualmente pubblicate sul social network non saranno archiviate in alcun file dal RESPONSABILE, ma rimarranno sul social network.<\/p><p><strong>4. DATI DI MINORI O DI PERSONE CON PARTICOLARI ABILIT\u00c0<\/strong><\/p><p>L&#8217;accesso e la registrazione attraverso i social network di RESPONSABILIT\u00c0 sono vietati ai minori di 18 anni. Se l&#8217;UTENTE ha capacit\u00e0 particolari, sar\u00e0 necessario l&#8217;intervento del titolare della patria potest\u00e0 o della tutela, o del suo rappresentante legale mediante un documento valido che ne attesti la rappresentanza.<\/p><p>Il RESPONSABILE sar\u00e0 espressamente esonerato da qualsiasi responsabilit\u00e0 che possa derivare dall&#8217;utilizzo dei social network da parte di minori o persone con particolari abilit\u00e0. I social network di RESPONSABILIT\u00c0 non raccolgono consapevolmente informazioni personali di minori, pertanto, se l&#8217;UTENTE \u00e8 minorenne, non deve registrarsi o utilizzare i social network di RESPONSABILIT\u00c0, n\u00e9 fornire informazioni personali.<\/p>\t\t\t\t\t\t\t\t<\/div>\n\t\t\t\t<\/div>\n\t\t\t\t\t<\/div>\n\t\t<\/div>\n\t\t\t\t\t<\/div>\n\t\t<\/section>\n\t\t\t\t<\/div>\n\t\t","protected":false},"excerpt":{"rendered":"<p>INFORMATIVA SULLA PRIVACY INFORMAZIONI SULL&#8217;UTENTE Chi \u00e8 responsabile del trattamento dei vostri dati personali? ALTAIR NAUTICA SL \u00e8 RESPONSABILE del trattamento dei dati personali dell&#8217;UTENTE e informa che tali dati saranno trattati in conformit\u00e0 alle disposizioni del Regolamento (UE) 2016\/679, del 27 aprile (GDPR), e della Legge Organica 3\/2018, del 5 dicembre (LOPDGDD). Per cosa [&hellip;]<\/p>\n","protected":false},"author":1,"featured_media":0,"parent":0,"menu_order":0,"comment_status":"closed","ping_status":"closed","template":"","meta":{"_acf_changed":false,"site-sidebar-layout":"no-sidebar","site-content-layout":"page-builder","ast-site-content-layout":"default","site-content-style":"default","site-sidebar-style":"default","ast-global-header-display":"","ast-banner-title-visibility":"","ast-main-header-display":"","ast-hfb-above-header-display":"","ast-hfb-below-header-display":"","ast-hfb-mobile-header-display":"","site-post-title":"disabled","ast-breadcrumbs-content":"","ast-featured-img":"disabled","footer-sml-layout":"","ast-disable-related-posts":"","theme-transparent-header-meta":"","adv-header-id-meta":"","stick-header-meta":"","header-above-stick-meta":"","header-main-stick-meta":"","header-below-stick-meta":"","astra-migrate-meta-layouts":"default","ast-page-background-enabled":"default","ast-page-background-meta":{"desktop":{"background-color":"","background-image":"","background-repeat":"repeat","background-position":"center center","background-size":"auto","background-attachment":"scroll","background-type":"","background-media":"","overlay-type":"","overlay-color":"","overlay-opacity":"","overlay-gradient":""},"tablet":{"background-color":"","background-image":"","background-repeat":"repeat","background-position":"center center","background-size":"auto","background-attachment":"scroll","background-type":"","background-media":"","overlay-type":"","overlay-color":"","overlay-opacity":"","overlay-gradient":""},"mobile":{"background-color":"","background-image":"","background-repeat":"repeat","background-position":"center center","background-size":"auto","background-attachment":"scroll","background-type":"","background-media":"","overlay-type":"","overlay-color":"","overlay-opacity":"","overlay-gradient":""}},"ast-content-background-meta":{"desktop":{"background-color":"var(--ast-global-color-5)","background-image":"","background-repeat":"repeat","background-position":"center center","background-size":"auto","background-attachment":"scroll","background-type":"","background-media":"","overlay-type":"","overlay-color":"","overlay-opacity":"","overlay-gradient":""},"tablet":{"background-color":"var(--ast-global-color-5)","background-image":"","background-repeat":"repeat","background-position":"center center","background-size":"auto","background-attachment":"scroll","background-type":"","background-media":"","overlay-type":"","overlay-color":"","overlay-opacity":"","overlay-gradient":""},"mobile":{"background-color":"var(--ast-global-color-5)","background-image":"","background-repeat":"repeat","background-position":"center center","background-size":"auto","background-attachment":"scroll","background-type":"","background-media":"","overlay-type":"","overlay-color":"","overlay-opacity":"","overlay-gradient":""}},"_joinchat":[],"footnotes":""},"class_list":["post-4536","page","type-page","status-publish","hentry"],"acf":[],"_links":{"self":[{"href":"https:\/\/ladyvirginiaibiza.com\/it\/wp-json\/wp\/v2\/pages\/4536","targetHints":{"allow":["GET"]}}],"collection":[{"href":"https:\/\/ladyvirginiaibiza.com\/it\/wp-json\/wp\/v2\/pages"}],"about":[{"href":"https:\/\/ladyvirginiaibiza.com\/it\/wp-json\/wp\/v2\/types\/page"}],"author":[{"embeddable":true,"href":"https:\/\/ladyvirginiaibiza.com\/it\/wp-json\/wp\/v2\/users\/1"}],"replies":[{"embeddable":true,"href":"https:\/\/ladyvirginiaibiza.com\/it\/wp-json\/wp\/v2\/comments?post=4536"}],"version-history":[{"count":0,"href":"https:\/\/ladyvirginiaibiza.com\/it\/wp-json\/wp\/v2\/pages\/4536\/revisions"}],"wp:attachment":[{"href":"https:\/\/ladyvirginiaibiza.com\/it\/wp-json\/wp\/v2\/media?parent=4536"}],"curies":[{"name":"wp","href":"https:\/\/api.w.org\/{rel}","templated":true}]}}